{"id":108,"date":"2016-07-28T16:01:38","date_gmt":"2016-07-28T16:01:38","guid":{"rendered":"http:\/\/idh.si\/?page_id=108"},"modified":"2016-07-28T16:01:38","modified_gmt":"2016-07-28T16:01:38","slug":"novice","status":"publish","type":"page","link":"http:\/\/idh.si\/?page_id=108","title":{"rendered":"Novice"},"content":{"rendered":"<p>Maja in junija 2016 smo v okviru mednarodnega projekta Homo Europeanus v Sloveniji izvedli kampanjo na temo prihodnosti Evrope in aktivnega dr\u017eavljanstva, v sklopu katere smo razpisali mladinski pesni\u0161ki nate\u010daj in zbirali odgovore posameznikov razli\u010dnih starostnih skupin na kratek vpra\u0161alnik (o pomenu Evrope, o vlogi aktivnega dr\u017eavljana in o tem, v kak\u0161ni Evropi bi radi \u017eiveli v prihodnosti). Nagrajene pesmi in izbor mnenj na razpisano tematiko bo kmalu iz\u0161el v knji\u017eici, ki je v pripravi.<br \/>\nNagrajenci mladinskega pesni\u0161kega nate\u010daja \u00bbEvropa mojih sanj\u00ab so Nikolaj Horvat (Gimnazija Murska Sobota), Ne\u017ea Kav\u010di\u010d (Gimnazija Jesenice), Ne\u017ea Nina \u0160antej (Gimnazija Vi\u010d) in Alma Zupan (Gimnazija Poljane). Njihove pesmi so izvirne, razmi\u0161ljujo\u010de in odsevajo njihov osebni odnos do obravnavane teme, svojevrstno dru\u017ebeno zavzetost ali budnost, ki je pohvalna.<\/p>\n<p>Podelitev priznanj in nagrad je potekala konec junija v Ljubljani, vzdu\u0161je je bilo spro\u0161\u010deno in veselo. Spregovorili smo tudi o mednarodnem projektu Homo Europeanus, o \u0161olskem sistemu v Sloveniji in o programu Erasmus\u207a oziroma o mo\u017enostih izobra\u017eevanja in usposabljanja v okviru tega programa Evropske unije. Poleg priznanja so prejeli naslednje nagrade:<br \/>\n&#8211; knjigo Patricka Ou\u0159edn\u00edka Evropeana, Kratka zgodovina 20. stoletja (ZAK),<br \/>\n&#8211; knjigo Shauna Tana Izgubljena stvar (Zalo\u017eba eBesede \u2013 za donacijo se zahvaljujemo Jo\u017eetu Pianu),<br \/>\n&#8211; vstopnico za razstavo fotografij Geneza (Sebasti\u00e3o Salgado), ki je v Mestnem muzeju Ljubljana in Galeriji Jakopi\u010d ter<br \/>\n&#8211; informativna gradiva o EU za mlade (za sodelovanje se zahvaljujemo Mitu \u017dnidarku iz Hi\u0161e EU v Ljubljani).<\/p>\n","protected":false},"excerpt":{"rendered":"<p>Maja in junija 2016 smo v okviru mednarodnega projekta Homo Europeanus v Sloveniji izvedli kampanjo na temo prihodnosti Evrope in aktivnega dr\u017eavljanstva, v sklopu katere smo razpisali mladinski pesni\u0161ki nate\u010daj in zbirali odgovore posameznikov razli\u010dnih starostnih skupin na kratek vpra\u0161alnik (o pomenu Evrope, o vlogi aktivnega dr\u017eavljana in o tem, v kak\u0161ni Evropi bi radi [&hellip;]<\/p>\n","protected":false},"author":1,"featured_media":0,"parent":0,"menu_order":0,"comment_status":"closed","ping_status":"closed","template":"","meta":[],"_links":{"self":[{"href":"http:\/\/idh.si\/index.php?rest_route=\/wp\/v2\/pages\/108"}],"collection":[{"href":"http:\/\/idh.si\/index.php?rest_route=\/wp\/v2\/pages"}],"about":[{"href":"http:\/\/idh.si\/index.php?rest_route=\/wp\/v2\/types\/page"}],"author":[{"embeddable":true,"href":"http:\/\/idh.si\/index.php?rest_route=\/wp\/v2\/users\/1"}],"replies":[{"embeddable":true,"href":"http:\/\/idh.si\/index.php?rest_route=%2Fwp%2Fv2%2Fcomments&post=108"}],"version-history":[{"count":1,"href":"http:\/\/idh.si\/index.php?rest_route=\/wp\/v2\/pages\/108\/revisions"}],"predecessor-version":[{"id":109,"href":"http:\/\/idh.si\/index.php?rest_route=\/wp\/v2\/pages\/108\/revisions\/109"}],"wp:attachment":[{"href":"http:\/\/idh.si\/index.php?rest_route=%2Fwp%2Fv2%2Fmedia&parent=108"}],"curies":[{"name":"wp","href":"https:\/\/api.w.org\/{rel}","templated":true}]}}